{"id":9,"date":"2015-06-21T16:54:54","date_gmt":"2015-06-21T16:54:54","guid":{"rendered":"http:\/\/archivopatrimonial.usach.cl\/arquitectura\/?page_id=9"},"modified":"2016-10-26T12:30:41","modified_gmt":"2016-10-26T15:30:41","slug":"bibliografia","status":"publish","type":"page","link":"https:\/\/archivopatrimonial.usach.cl\/arquitectura\/?page_id=9","title":{"rendered":"Bibliograf\u00eda"},"content":{"rendered":"<ol>\n<li><strong>Jara, Catalina\u00a0<\/strong>(2009) <em>Innovaciones Tecnol\u00f3gicas en la Construcci\u00f3n del Espacio Moderno: El Proyecto de BVCH para la Universidad T\u00e9cnica del Estado (1957-1967)<\/em>. \u00a0Tesis para optar al grado de Mag\u00edster en Arquitectura, Escuela de Arquitectura, Pontificia Universidad Cat\u00f3lica de Chile.<\/li>\n<li><strong>P\u00e9rez Oyarz\u00fan, Fernando<\/strong> (2006) <em>Bresciani, Vald\u00e9s, Castillo, Huidobro<\/em>. Editorial Universidad Cat\u00f3lica de Chile, Santiago, Chile.<\/li>\n<\/ol>\n","protected":false},"excerpt":{"rendered":"<p>Jara, Catalina\u00a0(2009) Innovaciones Tecnol\u00f3gicas en la Construcci\u00f3n del Espacio Moderno: El Proyecto de BVCH para la Universidad T\u00e9cnica del Estado (1957-1967). \u00a0Tesis para optar al grado de Mag\u00edster en Arquitectura, Escuela de Arquitectura, Pontificia Universidad Cat\u00f3lica de Chile. P\u00e9rez Oyarz\u00fan, Fernando (2006) Bresciani, Vald\u00e9s, Castillo, Huidobro. Editorial Universidad Cat\u00f3lica de Chile, Santiago, Chile.<\/p>\n","protected":false},"author":1,"featured_media":0,"parent":0,"menu_order":0,"comment_status":"closed","ping_status":"closed","template":"","meta":{"_exactmetrics_skip_tracking":false,"_exactmetrics_sitenote_active":false,"_exactmetrics_sitenote_note":"","_exactmetrics_sitenote_category":0,"footnotes":""},"class_list":["post-9","page","type-page","status-publish","hentry"],"_links":{"self":[{"href":"https:\/\/archivopatrimonial.usach.cl\/arquitectura\/index.php?rest_route=\/wp\/v2\/pages\/9"}],"collection":[{"href":"https:\/\/archivopatrimonial.usach.cl\/arquitectura\/index.php?rest_route=\/wp\/v2\/pages"}],"about":[{"href":"https:\/\/archivopatrimonial.usach.cl\/arquitectura\/index.php?rest_route=\/wp\/v2\/types\/page"}],"author":[{"embeddable":true,"href":"https:\/\/archivopatrimonial.usach.cl\/arquitectura\/index.php?rest_route=\/wp\/v2\/users\/1"}],"replies":[{"embeddable":true,"href":"https:\/\/archivopatrimonial.usach.cl\/arquitectura\/index.php?rest_route=%2Fwp%2Fv2%2Fcomments&post=9"}],"version-history":[{"count":6,"href":"https:\/\/archivopatrimonial.usach.cl\/arquitectura\/index.php?rest_route=\/wp\/v2\/pages\/9\/revisions"}],"predecessor-version":[{"id":1018,"href":"https:\/\/archivopatrimonial.usach.cl\/arquitectura\/index.php?rest_route=\/wp\/v2\/pages\/9\/revisions\/1018"}],"wp:attachment":[{"href":"https:\/\/archivopatrimonial.usach.cl\/arquitectura\/index.php?rest_route=%2Fwp%2Fv2%2Fmedia&parent=9"}],"curies":[{"name":"wp","href":"https:\/\/api.w.org\/{rel}","templated":true}]}}